{"id":1201,"date":"2017-01-16T10:54:53","date_gmt":"2017-01-16T10:54:53","guid":{"rendered":"http:\/\/cecbll.cat\/espaicomarca\/?page_id=1201"},"modified":"2017-01-16T10:54:53","modified_gmt":"2017-01-16T10:54:53","slug":"les-mines-de-plom","status":"publish","type":"page","link":"https:\/\/cecbll.cat\/espaicomarca\/les-mines-de-plom\/","title":{"rendered":"Les Mines de Plom"},"content":{"rendered":"<p><strong>Cam\u00ed entre Castellv\u00ed de Rosanes i Martorell<\/strong><\/p>\n<p>Situades en l\u2019\u00e0mbit de la serra de l\u2019Ataix, i molt a prop del l\u00edmit de terme amb Martorell, hi ha un espai industrial singular: les mines de plom. Aquesta explotaci\u00f3 minera va ser la segona mina m\u00e9s importat de Catalunya en explotaci\u00f3 de plom.<\/p>\n<p>Enfront de la part oriental del Montgoi, es conserven les restes dels edificis de car\u00e0cter industrial de la mina de la Compa\u00f1\u00eda Minera Martorellense. Aquest indret, conegut tamb\u00e9 com l\u2019Argentera, com el seu nom indica, \u00e9s un lloc on la riquesa mineral ha ofert a l\u2019home un recurs geol\u00f2gic for\u00e7a conegut en aquest sector del terme i de la comarca, el mineral de plom, i m\u00e9s concretament la galena argent\u00edfera.<br \/>\nL\u2019explotaci\u00f3 minera d\u2019aquest espai va caure en des\u00fas al 1963.<\/p>\n","protected":false},"excerpt":{"rendered":"<p>Cam\u00ed entre Castellv\u00ed de Rosanes i Martorell Situades en l\u2019\u00e0mbit de la serra de l\u2019Ataix, i molt a prop del [&hellip;]<\/p>\n","protected":false},"author":1,"featured_media":1202,"parent":0,"menu_order":0,"comment_status":"closed","ping_status":"closed","template":"","meta":{"footnotes":"","_links_to":"","_links_to_target":""},"class_list":["post-1201","page","type-page","status-publish","has-post-thumbnail","hentry"],"_links":{"self":[{"href":"https:\/\/cecbll.cat\/espaicomarca\/wp-json\/wp\/v2\/pages\/1201","targetHints":{"allow":["GET"]}}],"collection":[{"href":"https:\/\/cecbll.cat\/espaicomarca\/wp-json\/wp\/v2\/pages"}],"about":[{"href":"https:\/\/cecbll.cat\/espaicomarca\/wp-json\/wp\/v2\/types\/page"}],"author":[{"embeddable":true,"href":"https:\/\/cecbll.cat\/espaicomarca\/wp-json\/wp\/v2\/users\/1"}],"replies":[{"embeddable":true,"href":"https:\/\/cecbll.cat\/espaicomarca\/wp-json\/wp\/v2\/comments?post=1201"}],"version-history":[{"count":1,"href":"https:\/\/cecbll.cat\/espaicomarca\/wp-json\/wp\/v2\/pages\/1201\/revisions"}],"predecessor-version":[{"id":1203,"href":"https:\/\/cecbll.cat\/espaicomarca\/wp-json\/wp\/v2\/pages\/1201\/revisions\/1203"}],"wp:featuredmedia":[{"embeddable":true,"href":"https:\/\/cecbll.cat\/espaicomarca\/wp-json\/wp\/v2\/media\/1202"}],"wp:attachment":[{"href":"https:\/\/cecbll.cat\/espaicomarca\/wp-json\/wp\/v2\/media?parent=1201"}],"curies":[{"name":"wp","href":"https:\/\/api.w.org\/{rel}","templated":true}]}}