{"id":51,"date":"2025-07-17T16:00:54","date_gmt":"2025-07-17T16:00:54","guid":{"rendered":"http:\/\/cecbll.cat\/agendacultural\/?page_id=51"},"modified":"2025-07-22T12:31:34","modified_gmt":"2025-07-22T12:31:34","slug":"llistat-esdeveniments-futurs","status":"publish","type":"page","link":"https:\/\/cecbll.cat\/agendacultural\/","title":{"rendered":"Activitats"},"content":{"rendered":"        <div class=\"filtres-esdeveniments\">\n\t\t\t<div class=\"filtres-esdeveniments-col\">\n\t\t\t\t<label for=\"filtre-municipi\">Municipi:<\/label>\n\t\t\t\t<select id=\"filtre-municipi\">\n\t\t\t\t\t<option value=\"\">Tots<\/option>\n\t\t\t\t\t\t\t\t\t\t<option value=\"abrera\">Abrera<\/option>\n\t\t\t\t\t\t\t\t\t\t<option value=\"baix-llobregat\">Baix Llobregat<\/option>\n\t\t\t\t\t\t\t\t\t\t<option value=\"begues\">Begues<\/option>\n\t\t\t\t\t\t\t\t\t\t<option value=\"castelldefels\">Castelldefels<\/option>\n\t\t\t\t\t\t\t\t\t\t<option value=\"castellvi-de-rosanes\">Castellv\u00ed de Rosanes<\/option>\n\t\t\t\t\t\t\t\t\t\t<option value=\"cervello\">Cervell\u00f3<\/option>\n\t\t\t\t\t\t\t\t\t\t<option value=\"collbato\">Collbat\u00f3<\/option>\n\t\t\t\t\t\t\t\t\t\t<option value=\"corbera-de-llobregat\">Corbera de Llobregat<\/option>\n\t\t\t\t\t\t\t\t\t\t<option value=\"cornella-de-llobregat\">Cornell\u00e0 de Llobregat<\/option>\n\t\t\t\t\t\t\t\t\t\t<option value=\"el-papiol\">El Papiol<\/option>\n\t\t\t\t\t\t\t\t\t\t<option value=\"el-prat-de-llobregat\">El Prat de Llobregat<\/option>\n\t\t\t\t\t\t\t\t\t\t<option value=\"esparreguera\">Esparreguera<\/option>\n\t\t\t\t\t\t\t\t\t\t<option value=\"esplugues-de-llobregat\">Esplugues de Llobregat<\/option>\n\t\t\t\t\t\t\t\t\t\t<option value=\"gava\">Gav\u00e0<\/option>\n\t\t\t\t\t\t\t\t\t\t<option value=\"hospitalet-de-llobregat\">Hospitalet de Llobregat<\/option>\n\t\t\t\t\t\t\t\t\t\t<option value=\"la-palma-de-cervello\">La Palma de Cervell\u00f3<\/option>\n\t\t\t\t\t\t\t\t\t\t<option value=\"martorell\">Martorell<\/option>\n\t\t\t\t\t\t\t\t\t\t<option value=\"molins-de-rei\">Molins de Rei<\/option>\n\t\t\t\t\t\t\t\t\t\t<option value=\"olesa-de-montserrat\">Olesa de Montserrat<\/option>\n\t\t\t\t\t\t\t\t\t\t<option value=\"palleja\">Pallej\u00e0<\/option>\n\t\t\t\t\t\t\t\t\t\t<option value=\"sant-andreu-de-la-barca\">Sant Andreu de la Barca<\/option>\n\t\t\t\t\t\t\t\t\t\t<option value=\"sant-boi-de-llobregat\">Sant Boi de Llobregat<\/option>\n\t\t\t\t\t\t\t\t\t\t<option value=\"sant-climent-de-llobregat\">Sant Climent de Llobregat<\/option>\n\t\t\t\t\t\t\t\t\t\t<option value=\"sant-esteve-de-sesrovires\">Sant Esteve de Sesrovires<\/option>\n\t\t\t\t\t\t\t\t\t\t<option value=\"sant-feliu-de-llobregat\">Sant Feliu de Llobregat<\/option>\n\t\t\t\t\t\t\t\t\t\t<option value=\"sant-joan-despi\">Sant Joan Desp\u00ed<\/option>\n\t\t\t\t\t\t\t\t\t\t<option value=\"sant-just-desvern\">Sant Just Desvern<\/option>\n\t\t\t\t\t\t\t\t\t\t<option value=\"sant-vicenc-dels-horts\">Sant Vicen\u00e7 dels Horts<\/option>\n\t\t\t\t\t\t\t\t\t\t<option value=\"santa-coloma-de-cervello\">Santa Coloma de Cervell\u00f3<\/option>\n\t\t\t\t\t\t\t\t\t\t<option value=\"torrelles-de-llobregat\">Torrelles de Llobregat<\/option>\n\t\t\t\t\t\t\t\t\t\t<option value=\"vallirana\">Vallirana<\/option>\n\t\t\t\t\t\t\t\t\t\t<option value=\"viladecans\">Viladecans<\/option>\n\t\t\t\t\t\t\t\t\t<\/select>\n\t\t\t<\/div>\n\t\t\t<div class=\"filtres-esdeveniments-col\">\n\t\t\t\t<label for=\"filtre-tipus\">Tipus:<\/label>\n\t\t\t\t<select id=\"filtre-tipus\">\n\t\t\t\t\t<option value=\"\">Tots<\/option>\n\t\t\t\t\t\t\t\t\t\t\t<option value=\"activitat-cultural-puntual\">Activitat cultural<\/option>\n\t\t\t\t\t\t\t\t\t\t\t<option value=\"altres\">Altres<\/option>\n\t\t\t\t\t\t\t\t\t\t\t<option value=\"arts-esceniques\">Arts esc\u00e8niques<\/option>\n\t\t\t\t\t\t\t\t\t\t\t<option value=\"cinema\">Cinema<\/option>\n\t\t\t\t\t\t\t\t\t\t\t<option value=\"exposicio\">Exposici\u00f3<\/option>\n\t\t\t\t\t\t\t\t\t\t\t<option value=\"festa-major\">Festa major<\/option>\n\t\t\t\t\t\t\t\t\t\t\t<option value=\"gastronomia\">Gastronomia<\/option>\n\t\t\t\t\t\t\t\t\t\t\t<option value=\"inauguracio\">Inauguraci\u00f3 de l&#039;exposici\u00f3<\/option>\n\t\t\t\t\t\t\t\t\t\t\t<option value=\"jornades\">Jornades<\/option>\n\t\t\t\t\t\t\t\t\t\t\t<option value=\"musica\">M\u00fasica<\/option>\n\t\t\t\t\t\t\t\t\t\t\t<option value=\"xerrada-o-conferencia\">Pon\u00e8ncia<\/option>\n\t\t\t\t\t\t\t\t\t\t\t<option value=\"portes-obertes\">Portes obertes<\/option>\n\t\t\t\t\t\t\t\t\t\t\t<option value=\"presentacio-llibre\">Presentaci\u00f3 del llibre<\/option>\n\t\t\t\t\t\t\t\t\t\t\t<option value=\"tallers\">Tallers<\/option>\n\t\t\t\t\t\t\t\t\t\t\t<option value=\"visites-o-rutes-guiades\">Visita guiada<\/option>\n\t\t\t\t\t\t\t\t\t<\/select>\n\t\t\t<\/div>\n    \t<\/div>\n\n    <div class=\"llistat-esdeveniments\"><div class=\"llistat-esdeveniment-item\" data-municipi=\"baix-llobregat\" data-tipus=\"activitat-cultural-puntual\"><div class=\"llistat-esdeveniment-item-textos\"><div class=\"llistat-esdeveniment-item-header\"><div class=\"llistat-esdeveniment-item-title\"><span class=\"llistat-esdeveniment-item-title-cat\">Activitat cultural<\/span><h1>Presentaci\u00f3 de candidatures pels 13ns Premis de Reconeixement Cultural del Baix Llobregat<\/h1><\/div><div class=\"llistat-esdeveniment-item-date\">06\/05\/2026 - 30\/09\/2026<\/div><\/div><div class=\"llistat-esdeveniment-item-line\">Municipi: <span>Baix Llobregat<\/span><\/div><div class=\"llistat-esdeveniment-item-line\">Lloc: <span class=\"\">www.cecbll.cat\/13premis<\/span><\/div><div class=\"llistat-esdeveniment-item-line\">Organitza: <span class=\"\">CECBLL<\/span><\/div><div class=\"llistat-esdeveniment-item-line\">Tel\u00e8fon de contacte: <span class=\"\">premisCECBLL@llobregat.info<\/span><\/div><div class=\"llistat-esdeveniment-item-line llistat-esdeveniment-item-desc\"><span class=\"\">Entra al nostre web www.cecbll.cat\/13premis i omple el formulari del web per presentar la candidatura que consideris mereixedora d'un reconeixement.<br \/>\r\n<br \/>\r\n\ud83d\ude4cCATEGORIES:<br \/>\r\n\u25aa\ufe0f\u00c0mbit col\u00b7lectiu: experi\u00e8ncies socials, culturals, econ\u00f2miques i ecol\u00f2giques.<br \/>\r\n\u25aa\ufe0f\u00c0mbit individual<br \/>\r\n<br \/>\r\n\ud83d\uddd3\ufe0fPer\u00edode per presentar candidatures fins el 30 de setembre de 2026.<\/span><\/div><div class=\"llistat-esdeveniment-item-line llistat-esdeveniment-item-mesinfo\"><a href=\"https:\/\/www.cecbll.cat\/13premis\" target=\"_blank\">Enlla\u00e7 de l'organitzaci\u00f3<\/a><\/div><\/div><div class=\"llistat-esdeveniment-item-img\"><a data-fancybox href=\"https:\/\/cecbll.cat\/agendacultural\/wp-content\/uploads\/2026\/05\/IMATGE-13-PREMIS-CECBLL-819x1024.png\"><img loading=\"lazy\" decoding=\"async\" width=\"240\" height=\"300\" src=\"https:\/\/cecbll.cat\/agendacultural\/wp-content\/uploads\/2026\/05\/IMATGE-13-PREMIS-CECBLL-240x300.png\" class=\"esdeveniment-item-thumbnail wp-post-image\" alt=\"\" srcset=\"https:\/\/cecbll.cat\/agendacultural\/wp-content\/uploads\/2026\/05\/IMATGE-13-PREMIS-CECBLL-240x300.png 240w, https:\/\/cecbll.cat\/agendacultural\/wp-content\/uploads\/2026\/05\/IMATGE-13-PREMIS-CECBLL-819x1024.png 819w, https:\/\/cecbll.cat\/agendacultural\/wp-content\/uploads\/2026\/05\/IMATGE-13-PREMIS-CECBLL.png 1080w\" sizes=\"auto, (max-width: 240px) 100vw, 240px\" \/><\/a><\/div><\/div><div class=\"llistat-esdeveniment-item\" data-municipi=\"viladecans\" data-tipus=\"exposicio\"><div class=\"llistat-esdeveniment-item-textos\"><div class=\"llistat-esdeveniment-item-header\"><div class=\"llistat-esdeveniment-item-title\"><span class=\"llistat-esdeveniment-item-title-cat\">Exposici\u00f3<\/span><h1>El m\u00f3n del treball industrial a la Catalunya del primer ter\u00e7 del segle XX<\/h1><\/div><div class=\"llistat-esdeveniment-item-date\">09\/07\/2026 - 20\/09\/2026<\/div><\/div><div class=\"llistat-esdeveniment-item-line\">Municipi: <span>Viladecans<\/span><\/div><div class=\"llistat-esdeveniment-item-line\">Lloc: <span class=\"\">Ca n'Amat - Museu de Viladecans<\/span><\/div><div class=\"llistat-esdeveniment-item-line\">Hora: <span class=\"\">7:00 pm<\/span><\/div><div class=\"llistat-esdeveniment-item-line\">Adre\u00e7a: <span class=\"\">Carrer d'\u00c0ngel Guimer\u00e0, 12<\/span><\/div><div class=\"llistat-esdeveniment-item-line\">Organitza: <span class=\"\">Arxiu Municipal de Viladecans i Biblioteca de Viladecans<\/span><\/div><div class=\"llistat-esdeveniment-item-line\">Tel\u00e8fon de contacte: <span class=\"\">936 351 802<\/span><\/div><div class=\"llistat-esdeveniment-item-line llistat-esdeveniment-item-desc\"><span class=\"\">Activitat gratu\u00efta. Aforament limitat.<\/span><\/div><div class=\"llistat-esdeveniment-item-line llistat-esdeveniment-item-mesinfo\"><a href=\"https:\/\/www.viladecans.cat\/es\/museodeviladecans\" target=\"_blank\">Enlla\u00e7 de l'organitzaci\u00f3<\/a><\/div><\/div><div class=\"llistat-esdeveniment-item-img\"><a data-fancybox href=\"https:\/\/cecbll.cat\/agendacultural\/wp-content\/uploads\/2026\/07\/Cartell-DIN3_DEF-724x1024.jpg\"><img loading=\"lazy\" decoding=\"async\" width=\"212\" height=\"300\" src=\"https:\/\/cecbll.cat\/agendacultural\/wp-content\/uploads\/2026\/07\/Cartell-DIN3_DEF-212x300.jpg\" class=\"esdeveniment-item-thumbnail wp-post-image\" alt=\"\" srcset=\"https:\/\/cecbll.cat\/agendacultural\/wp-content\/uploads\/2026\/07\/Cartell-DIN3_DEF-212x300.jpg 212w, https:\/\/cecbll.cat\/agendacultural\/wp-content\/uploads\/2026\/07\/Cartell-DIN3_DEF-724x1024.jpg 724w\" sizes=\"auto, (max-width: 212px) 100vw, 212px\" \/><\/a><\/div><\/div><div class=\"llistat-esdeveniment-item\" data-municipi=\"viladecans\" data-tipus=\"exposicio\"><div class=\"llistat-esdeveniment-item-textos\"><div class=\"llistat-esdeveniment-item-header\"><div class=\"llistat-esdeveniment-item-title\"><span class=\"llistat-esdeveniment-item-title-cat\">Exposici\u00f3<\/span><h1>Les vagues generals al Baix Llobregat<\/h1><\/div><div class=\"llistat-esdeveniment-item-date\">09\/07\/2026 - 20\/09\/2026<\/div><\/div><div class=\"llistat-esdeveniment-item-line\">Municipi: <span>Viladecans<\/span><\/div><div class=\"llistat-esdeveniment-item-line\">Lloc: <span class=\"\">Ca n'Amat - Museu de Viladecans<\/span><\/div><div class=\"llistat-esdeveniment-item-line\">Hora: <span class=\"\">7:00 pm<\/span><\/div><div class=\"llistat-esdeveniment-item-line\">Adre\u00e7a: <span class=\"\">Carrer d'\u00c0ngel Guimer\u00e0, 12<\/span><\/div><div class=\"llistat-esdeveniment-item-line\">Organitza: <span class=\"\">Arxiu Municipal de Viladecans<\/span><\/div><div class=\"llistat-esdeveniment-item-line\">Tel\u00e8fon de contacte: <span class=\"\">936 351 802<\/span><\/div><div class=\"llistat-esdeveniment-item-line llistat-esdeveniment-item-desc\"><span class=\"\">Activitat gratu\u00efta. Aforament limitat.<\/span><\/div><div class=\"llistat-esdeveniment-item-line llistat-esdeveniment-item-mesinfo\"><a href=\"https:\/\/www.viladecans.cat\/es\/museodeviladecans\" target=\"_blank\">Enlla\u00e7 de l'organitzaci\u00f3<\/a><\/div><\/div><div class=\"llistat-esdeveniment-item-img\"><a data-fancybox href=\"https:\/\/cecbll.cat\/agendacultural\/wp-content\/uploads\/2026\/07\/Cartell-A3_DEF-724x1024.jpg\"><img loading=\"lazy\" decoding=\"async\" width=\"212\" height=\"300\" src=\"https:\/\/cecbll.cat\/agendacultural\/wp-content\/uploads\/2026\/07\/Cartell-A3_DEF-212x300.jpg\" class=\"esdeveniment-item-thumbnail wp-post-image\" alt=\"\" srcset=\"https:\/\/cecbll.cat\/agendacultural\/wp-content\/uploads\/2026\/07\/Cartell-A3_DEF-212x300.jpg 212w, https:\/\/cecbll.cat\/agendacultural\/wp-content\/uploads\/2026\/07\/Cartell-A3_DEF-724x1024.jpg 724w\" sizes=\"auto, (max-width: 212px) 100vw, 212px\" \/><\/a><\/div><\/div><div class=\"llistat-esdeveniment-item\" data-municipi=\"begues\" data-tipus=\"activitat-cultural-puntual cinema xerrada-o-conferencia\"><div class=\"llistat-esdeveniment-item-textos\"><div class=\"llistat-esdeveniment-item-header\"><div class=\"llistat-esdeveniment-item-title\"><span class=\"llistat-esdeveniment-item-title-cat\">Activitat cultural, Cinema, Pon\u00e8ncia<\/span><h1>10 anys de \u00abEls Divendres&#8230; Hist\u00f2ria\u00bb<\/h1><\/div><div class=\"llistat-esdeveniment-item-date\">04\/09\/2026<\/div><\/div><div class=\"llistat-esdeveniment-item-line\">Municipi: <span>Begues<\/span><\/div><div class=\"llistat-esdeveniment-item-line\">Lloc: <span class=\"\">Teatre Goula. Centre C\u00edvic El Roure<\/span><\/div><div class=\"llistat-esdeveniment-item-line\">Hora: <span class=\"\">7:00 pm<\/span><\/div><div class=\"llistat-esdeveniment-item-line\">Adre\u00e7a: <span class=\"\">Pla\u00e7a U d'Octubre de 2017<\/span><\/div><div class=\"llistat-esdeveniment-item-line\">Organitza: <span class=\"\">CIPAG<\/span><\/div><div class=\"llistat-esdeveniment-item-line llistat-esdeveniment-item-desc\"><span class=\"\">El CIPAG celebra els deu anys del cicle de xerrades \"Els divendres... Hist\u00f2ria\". L'entitat projectar\u00e0 al Teatre Goula el documental \"Cam\u00ed Ral. La ruta oblidada\", de l'historiador de Sant Boi de Llobregat Xavier S\u00e1nchez, el qual tamb\u00e9 participar\u00e0 en l'acte.<br \/>\r\n<br \/>\r\nEntrada gratu\u00efta amb taquilla inversa.<\/span><\/div><div class=\"llistat-esdeveniment-item-line llistat-esdeveniment-item-mesinfo\"><a href=\"https:\/\/www.begues.cat\/actualitat\/noticies\/el-cipag-celebrara-el-4-de-setembre-els-deu-anys-de-els-divendres-historia.html\" target=\"_blank\">Enlla\u00e7 de l'organitzaci\u00f3<\/a><\/div><\/div><div class=\"llistat-esdeveniment-item-img\"><a data-fancybox href=\"https:\/\/cecbll.cat\/agendacultural\/wp-content\/uploads\/2026\/09\/63cbcc0b-8f8c-470b-a6d3-18a067e5ce68-724x1024.jpg\"><img loading=\"lazy\" decoding=\"async\" width=\"212\" height=\"300\" src=\"https:\/\/cecbll.cat\/agendacultural\/wp-content\/uploads\/2026\/09\/63cbcc0b-8f8c-470b-a6d3-18a067e5ce68-212x300.jpg\" class=\"esdeveniment-item-thumbnail wp-post-image\" alt=\"\" srcset=\"https:\/\/cecbll.cat\/agendacultural\/wp-content\/uploads\/2026\/09\/63cbcc0b-8f8c-470b-a6d3-18a067e5ce68-212x300.jpg 212w, https:\/\/cecbll.cat\/agendacultural\/wp-content\/uploads\/2026\/09\/63cbcc0b-8f8c-470b-a6d3-18a067e5ce68-724x1024.jpg 724w, https:\/\/cecbll.cat\/agendacultural\/wp-content\/uploads\/2026\/09\/63cbcc0b-8f8c-470b-a6d3-18a067e5ce68.jpg 1414w\" sizes=\"auto, (max-width: 212px) 100vw, 212px\" \/><\/a><\/div><\/div><div class=\"llistat-esdeveniment-item\" data-municipi=\"molins-de-rei\" data-tipus=\"portes-obertes\"><div class=\"llistat-esdeveniment-item-textos\"><div class=\"llistat-esdeveniment-item-header\"><div class=\"llistat-esdeveniment-item-title\"><span class=\"llistat-esdeveniment-item-title-cat\">Portes obertes<\/span><h1>Jornada de portes obertes al Museu del Renaixement<\/h1><\/div><div class=\"llistat-esdeveniment-item-date\">06\/09\/2026<\/div><\/div><div class=\"llistat-esdeveniment-item-line\">Municipi: <span>Molins de Rei<\/span><\/div><div class=\"llistat-esdeveniment-item-line\">Lloc: <span class=\"\">Museu del Renaixement<\/span><\/div><div class=\"llistat-esdeveniment-item-line\">Adre\u00e7a: <span class=\"\">Pla\u00e7a del palau, 4. 08750 Molins de Rei<\/span><\/div><div class=\"llistat-esdeveniment-item-line\">Organitza: <span class=\"\">Museu del Renaixement<\/span><\/div><div class=\"llistat-esdeveniment-item-line\">Tel\u00e8fon de contacte: <span class=\"\">937374363<\/span><\/div><div class=\"llistat-esdeveniment-item-line llistat-esdeveniment-item-desc\"><span class=\"\">Cada primer diumenge de mes, el Museu del Renaixement obre gratu\u00eftament per a tothom. Situat al majestu\u00f3s Palau de Requesens de Molins de Rei, el museu ens convida a con\u00e8ixer la hist\u00f2ria de la fam\u00edlia<\/span><\/div><div class=\"llistat-esdeveniment-item-line llistat-esdeveniment-item-mesinfo\"><a href=\"https:\/\/www.museudelrenaixement.cat\/\" target=\"_blank\">Enlla\u00e7 de l'organitzaci\u00f3<\/a><\/div><\/div><div class=\"llistat-esdeveniment-item-img\"><a data-fancybox href=\"https:\/\/cecbll.cat\/agendacultural\/wp-content\/uploads\/2026\/08\/5.png\"><img loading=\"lazy\" decoding=\"async\" width=\"300\" height=\"150\" src=\"https:\/\/cecbll.cat\/agendacultural\/wp-content\/uploads\/2026\/08\/5-300x150.png\" class=\"esdeveniment-item-thumbnail wp-post-image\" alt=\"\" srcset=\"https:\/\/cecbll.cat\/agendacultural\/wp-content\/uploads\/2026\/08\/5-300x150.png 300w, https:\/\/cecbll.cat\/agendacultural\/wp-content\/uploads\/2026\/08\/5.png 800w\" sizes=\"auto, (max-width: 300px) 100vw, 300px\" \/><\/a><\/div><\/div><div class=\"llistat-esdeveniment-item\" data-municipi=\"molins-de-rei\" data-tipus=\"visites-o-rutes-guiades\"><div class=\"llistat-esdeveniment-item-textos\"><div class=\"llistat-esdeveniment-item-header\"><div class=\"llistat-esdeveniment-item-title\"><span class=\"llistat-esdeveniment-item-title-cat\">Visita guiada<\/span><h1>Visita guiada al Museu del Renaixement<\/h1><\/div><div class=\"llistat-esdeveniment-item-date\">12\/09\/2026<\/div><\/div><div class=\"llistat-esdeveniment-item-line\">Municipi: <span>Molins de Rei<\/span><\/div><div class=\"llistat-esdeveniment-item-line\">Lloc: <span class=\"\">Museu del Renaixement<\/span><\/div><div class=\"llistat-esdeveniment-item-line\">Hora: <span class=\"\">11:30 am<\/span><\/div><div class=\"llistat-esdeveniment-item-line\">Adre\u00e7a: <span class=\"\">Pla\u00e7a del palau,4. 08750 Molins de Rei.<\/span><\/div><div class=\"llistat-esdeveniment-item-line\">Organitza: <span class=\"\">Museu del Renaixement<\/span><\/div><div class=\"llistat-esdeveniment-item-line\">Tel\u00e8fon de contacte: <span class=\"\">937374363<\/span><\/div><div class=\"llistat-esdeveniment-item-line llistat-esdeveniment-item-desc\"><span class=\"\">La visita, d\u2019aproximadament una hora i mitja, recorre les sales del museu descobrint la hist\u00f2ria del Palau de Requesens, l\u2019art del Renaixement i la vida quotidiana a l\u2019\u00e8poca. Reserva pr\u00e8via.<\/span><\/div><div class=\"llistat-esdeveniment-item-line llistat-esdeveniment-item-mesinfo\"><a href=\"https:\/\/www.museudelrenaixement.cat\/\" target=\"_blank\">Enlla\u00e7 de l'organitzaci\u00f3<\/a><\/div><\/div><div class=\"llistat-esdeveniment-item-img\"><a data-fancybox href=\"https:\/\/cecbll.cat\/agendacultural\/wp-content\/uploads\/2026\/08\/6.png\"><img loading=\"lazy\" decoding=\"async\" width=\"300\" height=\"150\" src=\"https:\/\/cecbll.cat\/agendacultural\/wp-content\/uploads\/2026\/08\/6-300x150.png\" class=\"esdeveniment-item-thumbnail wp-post-image\" alt=\"\" srcset=\"https:\/\/cecbll.cat\/agendacultural\/wp-content\/uploads\/2026\/08\/6-300x150.png 300w, https:\/\/cecbll.cat\/agendacultural\/wp-content\/uploads\/2026\/08\/6.png 800w\" sizes=\"auto, (max-width: 300px) 100vw, 300px\" \/><\/a><\/div><\/div><div class=\"llistat-esdeveniment-item\" data-municipi=\"el-prat-de-llobregat\" data-tipus=\"xerrada-o-conferencia\"><div class=\"llistat-esdeveniment-item-textos\"><div class=\"llistat-esdeveniment-item-header\"><div class=\"llistat-esdeveniment-item-title\"><span class=\"llistat-esdeveniment-item-title-cat\">Pon\u00e8ncia<\/span><h1>Escarxofes, pollastres i sab\u00f3. Dones pageses pratenques del segle XX<\/h1><\/div><div class=\"llistat-esdeveniment-item-date\">18\/09\/2026<\/div><\/div><div class=\"llistat-esdeveniment-item-line\">Municipi: <span>El Prat de Llobregat<\/span><\/div><div class=\"llistat-esdeveniment-item-line\">Lloc: <span class=\"\">Centre C\u00edvic Palmira Dom\u00e8nech<\/span><\/div><div class=\"llistat-esdeveniment-item-line\">Hora: <span class=\"\">7:30 pm<\/span><\/div><div class=\"llistat-esdeveniment-item-line\">Adre\u00e7a: <span class=\"\">Carrer de Lo Gaiter del Llobregat, 112, 08820 El Prat de Llobregat<\/span><\/div><div class=\"llistat-esdeveniment-item-line\">Organitza: <span class=\"\">Colla Trabucaire del Prat de Llobregat<\/span><\/div><div class=\"llistat-esdeveniment-item-line llistat-esdeveniment-item-desc\"><span class=\"\">Xerrada del cicle Bateig d'hist\u00f2ria que abordar\u00e0 la situaci\u00f3 de la dona pagesa al Prat de Llobregat durant el segle XX.<\/span><\/div><\/div><div class=\"llistat-esdeveniment-item-img\"><a data-fancybox href=\"https:\/\/cecbll.cat\/agendacultural\/wp-content\/uploads\/2026\/09\/WhatsApp-Image-2026-09-02-at-08.29.22-724x1024.jpeg\"><img loading=\"lazy\" decoding=\"async\" width=\"212\" height=\"300\" src=\"https:\/\/cecbll.cat\/agendacultural\/wp-content\/uploads\/2026\/09\/WhatsApp-Image-2026-09-02-at-08.29.22-212x300.jpeg\" class=\"esdeveniment-item-thumbnail wp-post-image\" alt=\"\" srcset=\"https:\/\/cecbll.cat\/agendacultural\/wp-content\/uploads\/2026\/09\/WhatsApp-Image-2026-09-02-at-08.29.22-212x300.jpeg 212w, https:\/\/cecbll.cat\/agendacultural\/wp-content\/uploads\/2026\/09\/WhatsApp-Image-2026-09-02-at-08.29.22-724x1024.jpeg 724w, https:\/\/cecbll.cat\/agendacultural\/wp-content\/uploads\/2026\/09\/WhatsApp-Image-2026-09-02-at-08.29.22.jpeg 1131w\" sizes=\"auto, (max-width: 212px) 100vw, 212px\" \/><\/a><\/div><\/div><div class=\"llistat-esdeveniment-item\" data-municipi=\"santa-coloma-de-cervello\" data-tipus=\"visites-o-rutes-guiades\"><div class=\"llistat-esdeveniment-item-textos\"><div class=\"llistat-esdeveniment-item-header\"><div class=\"llistat-esdeveniment-item-title\"><span class=\"llistat-esdeveniment-item-title-cat\">Visita guiada<\/span><h1>Visita guiada a la Cripta de la Col\u00f2nia G\u00fcell, de Gaud\u00ed.<\/h1><\/div><div class=\"llistat-esdeveniment-item-date\">20\/09\/2026 - 20\/09\/2026<\/div><\/div><div class=\"llistat-esdeveniment-item-line\">Municipi: <span>Santa Coloma de Cervell\u00f3<\/span><\/div><div class=\"llistat-esdeveniment-item-line\">Lloc: <span class=\"\">Cripta de la Col\u00f2nia G\u00fcell<\/span><\/div><div class=\"llistat-esdeveniment-item-line\">Hora: <span class=\"\">7:00 pm<\/span><\/div><div class=\"llistat-esdeveniment-item-line\">Adre\u00e7a: <span class=\"\">Carrer Reixach, 19<\/span><\/div><div class=\"llistat-esdeveniment-item-line\">Organitza: <span class=\"\">Centre d'Estudis Santa Coloma de Cervell\u00f3-Col\u00f2nia G\u00fcell. Ajuntament Santa Coloma de Cervell\u00f3<\/span><\/div><div class=\"llistat-esdeveniment-item-line\">Tel\u00e8fon de contacte: <span class=\"\">686 45 92 35<\/span><\/div><div class=\"llistat-esdeveniment-item-line llistat-esdeveniment-item-desc\"><span class=\"\">Visita emmarcada en els actes organitzats per l'Any Gaud\u00ed. Es formaran dos grups de 30 persones. Inscripcions a partir de l'1 de setembre a trav\u00e9s de l'a\/e estudistacoloma.coloniaguell@gmail.com<\/span><\/div><\/div><\/div><div class=\"llistat-esdeveniment-item\" data-municipi=\"abrera\" data-tipus=\"visites-o-rutes-guiades\"><div class=\"llistat-esdeveniment-item-textos\"><div class=\"llistat-esdeveniment-item-header\"><div class=\"llistat-esdeveniment-item-title\"><span class=\"llistat-esdeveniment-item-title-cat\">Visita guiada<\/span><h1>Visita comentada al castell de Voltrera d&#8217;Abrera i al balc\u00f3 de Montserrat<\/h1><\/div><div class=\"llistat-esdeveniment-item-date\">10\/10\/2026<\/div><\/div><div class=\"llistat-esdeveniment-item-line\">Municipi: <span>Abrera<\/span><\/div><div class=\"llistat-esdeveniment-item-line\">Lloc: <span class=\"\">Castell de Voltrera d'Abrera<\/span><\/div><div class=\"llistat-esdeveniment-item-line\">Hora: <span class=\"\">11:30 am<\/span><\/div><div class=\"llistat-esdeveniment-item-line\">Adre\u00e7a: <span class=\"\">Pla\u00e7a del castell de Voltrera, s\/n<\/span><\/div><div class=\"llistat-esdeveniment-item-line\">Organitza: <span class=\"\">Ajuntament d'Abrera. Regidoria de Patrimoni Cultural i Mem\u00f2ria Hist\u00f2rica<\/span><\/div><div class=\"llistat-esdeveniment-item-line\">Tel\u00e8fon de contacte: <span class=\"\">937 70 03 25<\/span><\/div><div class=\"llistat-esdeveniment-item-line llistat-esdeveniment-item-desc\"><span class=\"\">Gaudeix d'una visita comentada al castell de Voltrera d'Abrera (BCIN) i al balc\u00f3 de Montserrat d'Abrera a c\u00e0rrec de guies especialitzats en la hist\u00f2ria d'aquest monument. Coneixer\u00e0s la hist\u00f2ria del castell feudal, la seva rehabilitaci\u00f3 i els treballs arqueol\u00f2gics que l'Ajuntament d'Abrera i la Universitat de Barcelona hi impulsen anualment. Durada aproximada de la visita: 60 minuts<\/span><\/div><div class=\"llistat-esdeveniment-item-line llistat-esdeveniment-item-mesinfo\"><a href=\"https:\/\/entradas.codetickets.com\/entradas\/visita-comentada-al-castell-de-voltrera-d-abrera-i-al-balco-_1305\/ajuntamentabrera\/online\" target=\"_blank\">Enlla\u00e7 de l'organitzaci\u00f3<\/a><\/div><\/div><\/div><div class=\"llistat-esdeveniment-item\" data-municipi=\"abrera\" data-tipus=\"visites-o-rutes-guiades\"><div class=\"llistat-esdeveniment-item-textos\"><div class=\"llistat-esdeveniment-item-header\"><div class=\"llistat-esdeveniment-item-title\"><span class=\"llistat-esdeveniment-item-title-cat\">Visita guiada<\/span><h1>Visita comentada al castell de Voltrera d&#8217;Abrera i al balc\u00f3 de Montserrat<\/h1><\/div><div class=\"llistat-esdeveniment-item-date\">12\/12\/2026<\/div><\/div><div class=\"llistat-esdeveniment-item-line\">Municipi: <span>Abrera<\/span><\/div><div class=\"llistat-esdeveniment-item-line\">Lloc: <span class=\"\">Castell de Voltrera d'Abrera<\/span><\/div><div class=\"llistat-esdeveniment-item-line\">Hora: <span class=\"\">11:30 am<\/span><\/div><div class=\"llistat-esdeveniment-item-line\">Adre\u00e7a: <span class=\"\">Pla\u00e7a del castell de Voltrera, s\/n<\/span><\/div><div class=\"llistat-esdeveniment-item-line\">Organitza: <span class=\"\">Ajuntament d'Abrera. Regidoria de Patrimoni Cultural i Mem\u00f2ria Hist\u00f2rica<\/span><\/div><div class=\"llistat-esdeveniment-item-line\">Tel\u00e8fon de contacte: <span class=\"\">937 70 03 25<\/span><\/div><div class=\"llistat-esdeveniment-item-line llistat-esdeveniment-item-desc\"><span class=\"\">Gaudeix d'una visita comentada al castell de Voltrera d'Abrera (BCIN) i al balc\u00f3 de Montserrat d'Abrera a c\u00e0rrec de guies especialitzats en la hist\u00f2ria d'aquest monument. Coneixer\u00e0s la hist\u00f2ria del castell feudal, la seva rehabilitaci\u00f3 i els treballs arqueol\u00f2gics que l'Ajuntament d'Abrera i la Universitat de Barcelona hi impulsen anualment. Durada aproximada de la visita: 60 minuts<\/span><\/div><div class=\"llistat-esdeveniment-item-line llistat-esdeveniment-item-mesinfo\"><a href=\"https:\/\/entradas.codetickets.com\/entradas\/visita-comentada-al-castell-de-voltrera-d-abrera-i-al-balco-_1305\/ajuntamentabrera\/online\" target=\"_blank\">Enlla\u00e7 de l'organitzaci\u00f3<\/a><\/div><\/div><\/div><\/div><div class=\"paginacio-esdeveniments\"><\/div>\n","protected":false},"excerpt":{"rendered":"","protected":false},"author":2,"featured_media":0,"parent":0,"menu_order":0,"comment_status":"closed","ping_status":"closed","template":"","meta":{"_acf_changed":false,"footnotes":""},"class_list":["post-51","page","type-page","status-publish","hentry"],"acf":[],"_links":{"self":[{"href":"https:\/\/cecbll.cat\/agendacultural\/wp-json\/wp\/v2\/pages\/51","targetHints":{"allow":["GET"]}}],"collection":[{"href":"https:\/\/cecbll.cat\/agendacultural\/wp-json\/wp\/v2\/pages"}],"about":[{"href":"https:\/\/cecbll.cat\/agendacultural\/wp-json\/wp\/v2\/types\/page"}],"author":[{"embeddable":true,"href":"https:\/\/cecbll.cat\/agendacultural\/wp-json\/wp\/v2\/users\/2"}],"replies":[{"embeddable":true,"href":"https:\/\/cecbll.cat\/agendacultural\/wp-json\/wp\/v2\/comments?post=51"}],"version-history":[{"count":0,"href":"https:\/\/cecbll.cat\/agendacultural\/wp-json\/wp\/v2\/pages\/51\/revisions"}],"wp:attachment":[{"href":"https:\/\/cecbll.cat\/agendacultural\/wp-json\/wp\/v2\/media?parent=51"}],"curies":[{"name":"wp","href":"https:\/\/api.w.org\/{rel}","templated":true}]}}